{"id":585,"date":"2020-10-09T12:08:23","date_gmt":"2020-10-09T10:08:23","guid":{"rendered":"https:\/\/www.agirenet.it\/it\/?page_id=585"},"modified":"2024-03-05T14:12:27","modified_gmt":"2024-03-05T13:12:27","slug":"cittadini","status":"publish","type":"page","link":"https:\/\/www.agirenet.it\/it\/cosa-facciamo\/cittadini\/","title":{"rendered":"Cittadini"},"content":{"rendered":"\t\t<div data-elementor-type=\"wp-page\" data-elementor-id=\"585\" class=\"elementor elementor-585\">\n\t\t\t\t\t\t<section class=\"elementor-section elementor-top-section elementor-element elementor-element-72fa695 elementor-section-boxed elementor-section-height-default elementor-section-height-default\" data-id=\"72fa695\" data-element_type=\"section\">\n\t\t\t\t\t\t<div class=\"elementor-container elementor-column-gap-default\">\n\t\t\t\t\t<div class=\"elementor-column elementor-col-100 elementor-top-column elementor-element elementor-element-c341e36\" data-id=\"c341e36\" data-element_type=\"column\">\n\t\t\t<div class=\"elementor-widget-wrap elementor-element-populated\">\n\t\t\t\t\t\t<div class=\"elementor-element elementor-element-d9fb483 elementor-widget elementor-widget-spacer\" data-id=\"d9fb483\" data-element_type=\"widget\" data-widget_type=\"spacer.default\">\n\t\t\t\t<div class=\"elementor-widget-container\">\n\t\t\t\t\t<div class=\"elementor-spacer\">\n\t\t\t<div class=\"elementor-spacer-inner\"><\/div>\n\t\t<\/div>\n\t\t\t\t<\/div>\n\t\t\t\t<\/div>\n\t\t\t\t\t<\/div>\n\t\t<\/div>\n\t\t\t\t\t<\/div>\n\t\t<\/section>\n\t\t\t\t<section class=\"elementor-section elementor-top-section elementor-element elementor-element-8ec11d3 elementor-section-boxed elementor-section-height-default elementor-section-height-default\" data-id=\"8ec11d3\" data-element_type=\"section\">\n\t\t\t\t\t\t<div class=\"elementor-container elementor-column-gap-default\">\n\t\t\t\t\t<div class=\"elementor-column elementor-col-33 elementor-top-column elementor-element elementor-element-e04ed96\" data-id=\"e04ed96\" data-element_type=\"column\">\n\t\t\t<div class=\"elementor-widget-wrap elementor-element-populated\">\n\t\t\t\t\t\t<div class=\"elementor-element elementor-element-9f02cae elementor-widget elementor-widget-image\" data-id=\"9f02cae\" data-element_type=\"widget\" data-widget_type=\"image.default\">\n\t\t\t\t<div class=\"elementor-widget-container\">\n\t\t\t\t\t\t\t\t\t\t\t\t\t<img fetchpriority=\"high\" decoding=\"async\" width=\"577\" height=\"346\" src=\"https:\/\/www.agirenet.it\/it\/wp-content\/uploads\/2021\/02\/citizen.jpg\" class=\"attachment-large size-large wp-image-966\" alt=\"\" srcset=\"https:\/\/www.agirenet.it\/it\/wp-content\/uploads\/2021\/02\/citizen.jpg 577w, https:\/\/www.agirenet.it\/it\/wp-content\/uploads\/2021\/02\/citizen-300x180.jpg 300w\" sizes=\"(max-width: 577px) 100vw, 577px\" \/>\t\t\t\t\t\t\t\t\t\t\t\t\t<\/div>\n\t\t\t\t<\/div>\n\t\t\t\t\t<\/div>\n\t\t<\/div>\n\t\t\t\t<div class=\"elementor-column elementor-col-66 elementor-top-column elementor-element elementor-element-b9e7d7a\" data-id=\"b9e7d7a\" data-element_type=\"column\">\n\t\t\t<div class=\"elementor-widget-wrap elementor-element-populated\">\n\t\t\t\t\t\t<div class=\"elementor-element elementor-element-e7b7531 elementor-widget elementor-widget-text-editor\" data-id=\"e7b7531\" data-element_type=\"widget\" data-widget_type=\"text-editor.default\">\n\t\t\t\t<div class=\"elementor-widget-container\">\n\t\t\t\t\t\t\t<p><strong>A.G.I.R.E.<\/strong> svolge per i <strong>cittadini<\/strong> un\u2019azione di tutela <em>super partes<\/em>\u00a0del diritto alla sostenibilit\u00e0, fornendo supporto, tutoraggio e rispondendo a richieste specifiche di informazioni.<\/p>\t\t\t\t\t\t<\/div>\n\t\t\t\t<\/div>\n\t\t\t\t\t<\/div>\n\t\t<\/div>\n\t\t\t\t\t<\/div>\n\t\t<\/section>\n\t\t\t\t<section class=\"elementor-section elementor-top-section elementor-element elementor-element-709b10e elementor-section-boxed elementor-section-height-default elementor-section-height-default\" data-id=\"709b10e\" data-element_type=\"section\">\n\t\t\t\t\t\t<div class=\"elementor-container elementor-column-gap-default\">\n\t\t\t\t\t<div class=\"elementor-column elementor-col-100 elementor-top-column elementor-element elementor-element-027caf2\" data-id=\"027caf2\" data-element_type=\"column\">\n\t\t\t<div class=\"elementor-widget-wrap elementor-element-populated\">\n\t\t\t\t\t\t<div class=\"elementor-element elementor-element-851afcc elementor-widget elementor-widget-text-editor\" data-id=\"851afcc\" data-element_type=\"widget\" data-widget_type=\"text-editor.default\">\n\t\t\t\t<div class=\"elementor-widget-container\">\n\t\t\t\t\t\t\t<p><strong>A.G.I.R.E.<\/strong> costituisce un\u00a0<strong>riferimento continuo<\/strong>\u00a0rispetto alla dinamica degli incentivi per le fonti rinnovabili destinati alle persone fisiche, per iniziative volte al risparmio energetico, all\u2019efficienza energetica degli edifici ( involucro e impianti) e alla produzione di energia da fonti rinnovabili.<\/p><p>Inoltre <strong>A.G.I.R.E.<\/strong> ha il compito istituzionale di\u00a0<strong>fornire gratuitamente<\/strong>\u00a0informazioni circa gli incentivi attualmente esistenti a beneficio delle persone fisiche che intendano installare tecnologie e fonti rinnovabili o per il risparmio energetico. Un piccolo elenco di seguito individua alcune tecnologie per le quali sono previsti incentivi pubblici a livello nazionale per le persone fisiche secondo la legislazione vigente in possibile evoluzione.<\/p>\t\t\t\t\t\t<\/div>\n\t\t\t\t<\/div>\n\t\t\t\t\t<\/div>\n\t\t<\/div>\n\t\t\t\t\t<\/div>\n\t\t<\/section>\n\t\t\t\t<section class=\"elementor-section elementor-top-section elementor-element elementor-element-addd34f elementor-section-boxed elementor-section-height-default elementor-section-height-default\" data-id=\"addd34f\" data-element_type=\"section\">\n\t\t\t\t\t\t<div class=\"elementor-container elementor-column-gap-default\">\n\t\t\t\t\t<div class=\"elementor-column elementor-col-100 elementor-top-column elementor-element elementor-element-97c35c0\" data-id=\"97c35c0\" data-element_type=\"column\">\n\t\t\t<div class=\"elementor-widget-wrap elementor-element-populated\">\n\t\t\t\t\t\t<div class=\"elementor-element elementor-element-5bc9b17 elementor-widget elementor-widget-spacer\" data-id=\"5bc9b17\" data-element_type=\"widget\" data-widget_type=\"spacer.default\">\n\t\t\t\t<div class=\"elementor-widget-container\">\n\t\t\t\t\t<div class=\"elementor-spacer\">\n\t\t\t<div class=\"elementor-spacer-inner\"><\/div>\n\t\t<\/div>\n\t\t\t\t<\/div>\n\t\t\t\t<\/div>\n\t\t\t\t\t<\/div>\n\t\t<\/div>\n\t\t\t\t\t<\/div>\n\t\t<\/section>\n\t\t\t\t<section class=\"elementor-section elementor-top-section elementor-element elementor-element-dbb2e29 elementor-section-boxed elementor-section-height-default elementor-section-height-default\" data-id=\"dbb2e29\" data-element_type=\"section\">\n\t\t\t\t\t\t<div class=\"elementor-container elementor-column-gap-default\">\n\t\t\t\t\t<div class=\"elementor-column elementor-col-100 elementor-top-column elementor-element elementor-element-a9ff5e5\" data-id=\"a9ff5e5\" data-element_type=\"column\">\n\t\t\t<div class=\"elementor-widget-wrap elementor-element-populated\">\n\t\t\t\t\t\t<div class=\"elementor-element elementor-element-fb59d04 elementor-position-left elementor-view-default elementor-mobile-position-top elementor-vertical-align-top elementor-widget elementor-widget-icon-box\" data-id=\"fb59d04\" data-element_type=\"widget\" data-widget_type=\"icon-box.default\">\n\t\t\t\t<div class=\"elementor-widget-container\">\n\t\t\t\t\t<div class=\"elementor-icon-box-wrapper\">\n\n\t\t\t\t\t\t<div class=\"elementor-icon-box-icon\">\n\t\t\t\t<a href=\"https:\/\/www.gse.it\/servizi-per-te\/efficienza-energetica\/conto-termico\" target=\"_blank\" rel=\"nofollow\" class=\"elementor-icon elementor-animation-\" tabindex=\"-1\">\n\t\t\t\t<i aria-hidden=\"true\" class=\"icon icon-service\"><\/i>\t\t\t\t<\/a>\n\t\t\t<\/div>\n\t\t\t\n\t\t\t\t\t\t<div class=\"elementor-icon-box-content\">\n\n\t\t\t\t\t\t\t\t\t<h4 class=\"elementor-icon-box-title\">\n\t\t\t\t\t\t<a href=\"https:\/\/www.gse.it\/servizi-per-te\/efficienza-energetica\/conto-termico\" target=\"_blank\" rel=\"nofollow\" >\n\t\t\t\t\t\t\tConto Termico gestito da GSE\t\t\t\t\t\t<\/a>\n\t\t\t\t\t<\/h4>\n\t\t\t\t\n\t\t\t\t\t\t\t\t\t<p class=\"elementor-icon-box-description\">\n\t\t\t\t\t\tIl Conto Termico incentiva interventi per l'incremento dell'efficienza energetica e la produzione di energia termica da fonti rinnovabili per impianti di piccole dimensioni. I beneficiari sono principalmente le Pubbliche amministrazioni, ma anche imprese e privati, che potranno accedere a fondi per 900 milioni di euro annui, di cui 400 destinati alle PA. \t\t\t\t\t<\/p>\n\t\t\t\t\n\t\t\t<\/div>\n\t\t\t\n\t\t<\/div>\n\t\t\t\t<\/div>\n\t\t\t\t<\/div>\n\t\t\t\t\t<\/div>\n\t\t<\/div>\n\t\t\t\t\t<\/div>\n\t\t<\/section>\n\t\t\t\t<section class=\"elementor-section elementor-top-section elementor-element elementor-element-f36e951 elementor-section-boxed elementor-section-height-default elementor-section-height-default\" data-id=\"f36e951\" data-element_type=\"section\">\n\t\t\t\t\t\t<div class=\"elementor-container elementor-column-gap-default\">\n\t\t\t\t\t<div class=\"elementor-column elementor-col-100 elementor-top-column elementor-element elementor-element-4353e92\" data-id=\"4353e92\" data-element_type=\"column\">\n\t\t\t<div class=\"elementor-widget-wrap elementor-element-populated\">\n\t\t\t\t\t\t<div class=\"elementor-element elementor-element-371b810 elementor-position-left elementor-view-default elementor-mobile-position-top elementor-vertical-align-top elementor-widget elementor-widget-icon-box\" data-id=\"371b810\" data-element_type=\"widget\" data-widget_type=\"icon-box.default\">\n\t\t\t\t<div class=\"elementor-widget-container\">\n\t\t\t\t\t<div class=\"elementor-icon-box-wrapper\">\n\n\t\t\t\t\t\t<div class=\"elementor-icon-box-icon\">\n\t\t\t\t<a href=\"https:\/\/www.efficienzaenergetica.enea.it\/detrazioni-fiscali\/ecobonus.html\" target=\"_blank\" rel=\"nofollow\" class=\"elementor-icon elementor-animation-\" tabindex=\"-1\">\n\t\t\t\t<i aria-hidden=\"true\" class=\"icon icon-service\"><\/i>\t\t\t\t<\/a>\n\t\t\t<\/div>\n\t\t\t\n\t\t\t\t\t\t<div class=\"elementor-icon-box-content\">\n\n\t\t\t\t\t\t\t\t\t<h4 class=\"elementor-icon-box-title\">\n\t\t\t\t\t\t<a href=\"https:\/\/www.efficienzaenergetica.enea.it\/detrazioni-fiscali\/ecobonus.html\" target=\"_blank\" rel=\"nofollow\" >\n\t\t\t\t\t\t\tEcobonus gestito da ENEA\t\t\t\t\t\t<\/a>\n\t\t\t\t\t<\/h4>\n\t\t\t\t\n\t\t\t\t\t\t\t\t\t<p class=\"elementor-icon-box-description\">\n\t\t\t\t\t\tSulla Gazzetta Ufficiale n.322 del 31.12.2021 \u00e8 stata pubblicata la Legge di Bilancio per l'anno 2022 e  per il triennio 2022-2024 (L. 31.12.2021 n.310) che proroga al 31 dicembre 2024 le detrazioni fiscali per l\u2019efficienza energetica degli edifici (Ecobonus) e le detrazioni fiscali per le ristrutturazioni (Bonus Casa), in relazione alle spese sostenute dal 1\u00b0 gennaio 2022 al 31 dicembre 2024 (salvo eventuali proroghe).\t\t\t\t\t<\/p>\n\t\t\t\t\n\t\t\t<\/div>\n\t\t\t\n\t\t<\/div>\n\t\t\t\t<\/div>\n\t\t\t\t<\/div>\n\t\t\t\t\t<\/div>\n\t\t<\/div>\n\t\t\t\t\t<\/div>\n\t\t<\/section>\n\t\t\t\t<section class=\"elementor-section elementor-top-section elementor-element elementor-element-fffc379 elementor-section-boxed elementor-section-height-default elementor-section-height-default\" data-id=\"fffc379\" data-element_type=\"section\">\n\t\t\t\t\t\t<div class=\"elementor-container elementor-column-gap-default\">\n\t\t\t\t\t<div class=\"elementor-column elementor-col-100 elementor-top-column elementor-element elementor-element-d460079\" data-id=\"d460079\" data-element_type=\"column\">\n\t\t\t<div class=\"elementor-widget-wrap elementor-element-populated\">\n\t\t\t\t\t\t<div class=\"elementor-element elementor-element-c22e27d elementor-position-left elementor-view-default elementor-mobile-position-top elementor-vertical-align-top elementor-widget elementor-widget-icon-box\" data-id=\"c22e27d\" data-element_type=\"widget\" data-widget_type=\"icon-box.default\">\n\t\t\t\t<div class=\"elementor-widget-container\">\n\t\t\t\t\t<div class=\"elementor-icon-box-wrapper\">\n\n\t\t\t\t\t\t<div class=\"elementor-icon-box-icon\">\n\t\t\t\t<a href=\"https:\/\/www.gse.it\/servizi-per-te\/autoconsumo\" target=\"_blank\" rel=\"nofollow\" class=\"elementor-icon elementor-animation-\" tabindex=\"-1\">\n\t\t\t\t<i aria-hidden=\"true\" class=\"icon icon-service\"><\/i>\t\t\t\t<\/a>\n\t\t\t<\/div>\n\t\t\t\n\t\t\t\t\t\t<div class=\"elementor-icon-box-content\">\n\n\t\t\t\t\t\t\t\t\t<h4 class=\"elementor-icon-box-title\">\n\t\t\t\t\t\t<a href=\"https:\/\/www.gse.it\/servizi-per-te\/autoconsumo\" target=\"_blank\" rel=\"nofollow\" >\n\t\t\t\t\t\t\tComunit\u00e0 Energetiche Rinnovabili gestite da GSE\t\t\t\t\t\t<\/a>\n\t\t\t\t\t<\/h4>\n\t\t\t\t\n\t\t\t\t\t\t\t\t\t<p class=\"elementor-icon-box-description\">\n\t\t\t\t\t\tL'autoconsumo \u00e8 il consumo di energia elettrica contestuale alla sua produzione e pu\u00f2 avvenire in forma fisica o virtuale. L'autoconsumo \u00e8 fisico quando gli impianti di produzione di energia sono collegati alle utenze di consumo, virtuale invece quando utilizza la rete di distribuzione per bilanciare i consumi e la produzione di energia sottesi a una stessa porzione della rete elettrica ma senza coincidenza tra il punto di immissione in rete dell'impianto rinnovabile e il punto di prelievo.\t\t\t\t\t<\/p>\n\t\t\t\t\n\t\t\t<\/div>\n\t\t\t\n\t\t<\/div>\n\t\t\t\t<\/div>\n\t\t\t\t<\/div>\n\t\t\t\t\t<\/div>\n\t\t<\/div>\n\t\t\t\t\t<\/div>\n\t\t<\/section>\n\t\t\t\t<section class=\"elementor-section elementor-top-section elementor-element elementor-element-e578354 elementor-section-boxed elementor-section-height-default elementor-section-height-default\" data-id=\"e578354\" data-element_type=\"section\">\n\t\t\t\t\t\t<div class=\"elementor-container elementor-column-gap-default\">\n\t\t\t\t\t<div class=\"elementor-column elementor-col-100 elementor-top-column elementor-element elementor-element-332e136\" data-id=\"332e136\" data-element_type=\"column\">\n\t\t\t<div class=\"elementor-widget-wrap elementor-element-populated\">\n\t\t\t\t\t\t<div class=\"elementor-element elementor-element-0a4da49 elementor-widget elementor-widget-spacer\" data-id=\"0a4da49\" data-element_type=\"widget\" data-widget_type=\"spacer.default\">\n\t\t\t\t<div class=\"elementor-widget-container\">\n\t\t\t\t\t<div class=\"elementor-spacer\">\n\t\t\t<div class=\"elementor-spacer-inner\"><\/div>\n\t\t<\/div>\n\t\t\t\t<\/div>\n\t\t\t\t<\/div>\n\t\t\t\t\t<\/div>\n\t\t<\/div>\n\t\t\t\t\t<\/div>\n\t\t<\/section>\n\t\t\t\t<\/div>\n\t\t","protected":false},"excerpt":{"rendered":"<p>A.G.I.R.E. svolge un\u2019azione di tutela super partes del diritto alla sostenibilit\u00e0, fornendo supporto, tutoraggio e rispondendo a richieste specifiche di informazioni.<\/p>\n","protected":false},"author":1,"featured_media":0,"parent":307,"menu_order":17,"comment_status":"closed","ping_status":"closed","template":"elementor_theme","meta":{"footnotes":""},"tags":[],"class_list":["post-585","page","type-page","status-publish","hentry"],"_links":{"self":[{"href":"https:\/\/www.agirenet.it\/it\/wp-json\/wp\/v2\/pages\/585"}],"collection":[{"href":"https:\/\/www.agirenet.it\/it\/wp-json\/wp\/v2\/pages"}],"about":[{"href":"https:\/\/www.agirenet.it\/it\/wp-json\/wp\/v2\/types\/page"}],"author":[{"embeddable":true,"href":"https:\/\/www.agirenet.it\/it\/wp-json\/wp\/v2\/users\/1"}],"replies":[{"embeddable":true,"href":"https:\/\/www.agirenet.it\/it\/wp-json\/wp\/v2\/comments?post=585"}],"version-history":[{"count":0,"href":"https:\/\/www.agirenet.it\/it\/wp-json\/wp\/v2\/pages\/585\/revisions"}],"up":[{"embeddable":true,"href":"https:\/\/www.agirenet.it\/it\/wp-json\/wp\/v2\/pages\/307"}],"wp:attachment":[{"href":"https:\/\/www.agirenet.it\/it\/wp-json\/wp\/v2\/media?parent=585"}],"wp:term":[{"taxonomy":"post_tag","embeddable":true,"href":"https:\/\/www.agirenet.it\/it\/wp-json\/wp\/v2\/tags?post=585"}],"curies":[{"name":"wp","href":"https:\/\/api.w.org\/{rel}","templated":true}]}}